{"id":218026,"date":"2024-07-05T12:45:47","date_gmt":"2024-07-05T10:45:47","guid":{"rendered":"https:\/\/gremidelmotor.com\/el-gremio\/la-mirada-de\/"},"modified":"2025-02-07T10:56:17","modified_gmt":"2025-02-07T09:56:17","slug":"la-mirada-de","status":"publish","type":"page","link":"https:\/\/gremidelmotor.com\/es\/el-gremio\/la-mirada-de\/","title":{"rendered":"La mirada de&#8230;"},"content":{"rendered":"<div class=\"gb-container gb-container-a0257eb8 gb-container-seccio\">\n<div class=\"gb-container gb-container-b7e2a877 gb-container-seccio-inner\">\n<div class=\"gb-container gb-container-424605ce\">\n<div class=\"gb-container gb-container-464032c6\">\n\n<figure class=\"gb-block-image gb-block-image-302b04c8\"><img decoding=\"async\" width=\"1024\" height=\"768\" class=\"gb-image gb-image-302b04c8\" src=\"https:\/\/gremidelmotor.com\/wp-content\/uploads\/2024\/07\/Joan-Blancafort-1.jpg\" alt=\"\" title=\"Joan-Blancafort\" srcset=\"https:\/\/gremidelmotor.com\/wp-content\/uploads\/2024\/07\/Joan-Blancafort-1.jpg 1024w, https:\/\/gremidelmotor.com\/wp-content\/uploads\/2024\/07\/Joan-Blancafort-1-300x225.jpg 300w, https:\/\/gremidelmotor.com\/wp-content\/uploads\/2024\/07\/Joan-Blancafort-1-768x576.jpg 768w\" sizes=\"(max-width: 1024px) 100vw, 1024px\" \/><\/figure>\n\n\n<div class=\"gb-container gb-container-db2c9e9f\">\n\n<h2 class=\"gb-headline gb-headline-3fc50b45 gb-headline-text\"><strong>Joan Blancafort<\/strong><\/h2>\n\n\n\n<p class=\"gb-headline gb-headline-c38f9b1d gb-headline-text\">Secretario General<br> Gremio del Motor y de Fecavem<\/p>\n\n<\/div>\n<\/div>\n<\/div>\n\n\n<h2 class=\"gb-headline gb-headline-c335ee9b gb-headline-text gb-headline-section-title\">Art\u00edculos de opini\u00f3n<\/h2>\n\n\n\n<div class=\"gb-grid-wrapper gb-grid-wrapper-03cb732a gb-query-loop-wrapper\">\n<div class=\"gb-grid-column gb-grid-column-096e32ee gb-query-loop-item post-234281 post type-post status-publish format-standard has-post-thumbnail hentry category-la-mirada-de-es\"><div class=\"gb-container gb-container-096e32ee\">\n<figure class=\"gb-block-image gb-block-image-1a30e8b5\"><img decoding=\"async\" width=\"980\" height=\"250\" src=\"https:\/\/gremidelmotor.com\/wp-content\/uploads\/2025\/12\/980x250_-cat1-1.png\" class=\"gb-image-1a30e8b5\" alt=\"\" srcset=\"https:\/\/gremidelmotor.com\/wp-content\/uploads\/2025\/12\/980x250_-cat1-1.png 980w, https:\/\/gremidelmotor.com\/wp-content\/uploads\/2025\/12\/980x250_-cat1-1-300x77.png 300w, https:\/\/gremidelmotor.com\/wp-content\/uploads\/2025\/12\/980x250_-cat1-1-768x196.png 768w\" sizes=\"(max-width: 980px) 100vw, 980px\" \/><\/figure>\n\n<div class=\"gb-container gb-container-8632d252\">\n<p class=\"gb-headline gb-headline-afccb9ad gb-headline-text\"><time class=\"entry-date published\" datetime=\"2025-12-01T13:46:00+01:00\">1 de diciembre de 2025<\/time><\/p>\n<\/div>\n\n<div class=\"gb-container gb-container-8dce9705\">\n<p class=\"gb-headline gb-headline-2e5b914e gb-headline-text\">Joan Blancafort<\/p>\n\n<p class=\"gb-headline gb-headline-53ca05f5 gb-headline-text\">Secretario General Gremio del Motor y de Fecavem<\/p>\n<\/div>\n\n<h3 class=\"gb-headline gb-headline-0e9ddd87 gb-headline-text\"><a href=\"https:\/\/fecavem.com\/joan-blancafort-secretari-general-del-gremi-motor-repte-majuscul-assumir-lorganitzacio-salo-ocasio\/\" target=\"_blank\" rel=\"noopener\">Joan Estar\u00e0s, secretario general del Gremio del Motor: \u00abEs un reto may\u00fasculo asumir la organizaci\u00f3n del Sal\u00f3n Ocasi\u00f3n\u00bb<\/a><\/h3>\n<\/div><\/div>\n\n<div class=\"gb-grid-column gb-grid-column-096e32ee gb-query-loop-item post-234269 post type-post status-publish format-standard has-post-thumbnail hentry category-la-mirada-de-es\"><div class=\"gb-container gb-container-096e32ee\">\n<figure class=\"gb-block-image gb-block-image-1a30e8b5\"><img decoding=\"async\" width=\"1024\" height=\"683\" src=\"https:\/\/gremidelmotor.com\/wp-content\/uploads\/2025\/11\/mobility-1024x683.jpg\" class=\"gb-image-1a30e8b5\" alt=\"\" srcset=\"https:\/\/gremidelmotor.com\/wp-content\/uploads\/2025\/11\/mobility-1024x683.jpg 1024w, https:\/\/gremidelmotor.com\/wp-content\/uploads\/2025\/11\/mobility-300x200.jpg 300w, https:\/\/gremidelmotor.com\/wp-content\/uploads\/2025\/11\/mobility-768x512.jpg 768w, https:\/\/gremidelmotor.com\/wp-content\/uploads\/2025\/11\/mobility-1536x1024.jpg 1536w, https:\/\/gremidelmotor.com\/wp-content\/uploads\/2025\/11\/mobility.jpg 1920w\" sizes=\"(max-width: 1024px) 100vw, 1024px\" \/><\/figure>\n\n<div class=\"gb-container gb-container-8632d252\">\n<p class=\"gb-headline gb-headline-afccb9ad gb-headline-text\"><time class=\"entry-date published\" datetime=\"2025-11-04T19:00:00+01:00\">4 de noviembre de 2025<\/time><\/p>\n<\/div>\n\n<div class=\"gb-container gb-container-8dce9705\">\n<p class=\"gb-headline gb-headline-2e5b914e gb-headline-text\">Joan Blancafort<\/p>\n\n<p class=\"gb-headline gb-headline-53ca05f5 gb-headline-text\">Secretario General Gremio del Motor y de Fecavem<\/p>\n<\/div>\n\n<h3 class=\"gb-headline gb-headline-0e9ddd87 gb-headline-text\"><a href=\"https:\/\/fecavem.com\/barcelona-epicentre-europeu-mobilitat-urbana-joan-blancafort\/\" target=\"_blank\" rel=\"noopener\">Barcelona, epicentro europeo de la movilidad urbana<\/a><\/h3>\n<\/div><\/div>\n\n<div class=\"gb-grid-column gb-grid-column-096e32ee gb-query-loop-item post-234268 post type-post status-publish format-standard has-post-thumbnail hentry category-la-mirada-de-es\"><div class=\"gb-container gb-container-096e32ee\">\n<figure class=\"gb-block-image gb-block-image-1a30e8b5\"><img decoding=\"async\" width=\"1024\" height=\"708\" src=\"https:\/\/gremidelmotor.com\/wp-content\/uploads\/2025\/11\/balisa-scaled-1-1024x708.jpg\" class=\"gb-image-1a30e8b5\" alt=\"\" srcset=\"https:\/\/gremidelmotor.com\/wp-content\/uploads\/2025\/11\/balisa-scaled-1-1024x708.jpg 1024w, https:\/\/gremidelmotor.com\/wp-content\/uploads\/2025\/11\/balisa-scaled-1-300x207.jpg 300w, https:\/\/gremidelmotor.com\/wp-content\/uploads\/2025\/11\/balisa-scaled-1-768x531.jpg 768w, https:\/\/gremidelmotor.com\/wp-content\/uploads\/2025\/11\/balisa-scaled-1-1536x1061.jpg 1536w, https:\/\/gremidelmotor.com\/wp-content\/uploads\/2025\/11\/balisa-scaled-1-2048x1415.jpg 2048w\" sizes=\"(max-width: 1024px) 100vw, 1024px\" \/><\/figure>\n\n<div class=\"gb-container gb-container-8632d252\">\n<p class=\"gb-headline gb-headline-afccb9ad gb-headline-text\"><time class=\"entry-date published\" datetime=\"2025-11-04T18:58:00+01:00\">4 de noviembre de 2025<\/time><\/p>\n<\/div>\n\n<div class=\"gb-container gb-container-8dce9705\">\n<p class=\"gb-headline gb-headline-2e5b914e gb-headline-text\">Joan Blancafort<\/p>\n\n<p class=\"gb-headline gb-headline-53ca05f5 gb-headline-text\">Secretario General Gremio del Motor y de Fecavem<\/p>\n<\/div>\n\n<h3 class=\"gb-headline gb-headline-0e9ddd87 gb-headline-text\"><a href=\"https:\/\/fecavem.com\/balisa-obligatoria-any-2026\/\" target=\"_blank\" rel=\"noopener\">La baliza, obligatoria a partir del a\u00f1o 2026<\/a><\/h3>\n<\/div><\/div>\n\n<div class=\"gb-grid-column gb-grid-column-096e32ee gb-query-loop-item post-234267 post type-post status-publish format-standard has-post-thumbnail hentry category-la-mirada-de-es\"><div class=\"gb-container gb-container-096e32ee\">\n<figure class=\"gb-block-image gb-block-image-1a30e8b5\"><img decoding=\"async\" width=\"700\" height=\"379\" src=\"https:\/\/gremidelmotor.com\/wp-content\/uploads\/2025\/11\/Sin_noticias_de_Grub-Eduardo_Mendoza.jpg\" class=\"gb-image-1a30e8b5\" alt=\"\" srcset=\"https:\/\/gremidelmotor.com\/wp-content\/uploads\/2025\/11\/Sin_noticias_de_Grub-Eduardo_Mendoza.jpg 700w, https:\/\/gremidelmotor.com\/wp-content\/uploads\/2025\/11\/Sin_noticias_de_Grub-Eduardo_Mendoza-300x162.jpg 300w\" sizes=\"(max-width: 700px) 100vw, 700px\" \/><\/figure>\n\n<div class=\"gb-container gb-container-8632d252\">\n<p class=\"gb-headline gb-headline-afccb9ad gb-headline-text\"><time class=\"entry-date published\" datetime=\"2025-09-29T18:57:00+02:00\">29 de septiembre de 2025<\/time><\/p>\n<\/div>\n\n<div class=\"gb-container gb-container-8dce9705\">\n<p class=\"gb-headline gb-headline-2e5b914e gb-headline-text\">Joan Blancafort<\/p>\n\n<p class=\"gb-headline gb-headline-53ca05f5 gb-headline-text\">Secretario General Gremio del Motor y de Fecavem<\/p>\n<\/div>\n\n<h3 class=\"gb-headline gb-headline-0e9ddd87 gb-headline-text\"><a href=\"https:\/\/fecavem.com\/sense-noticies-gurb-moves\/\" target=\"_blank\" rel=\"noopener\">&#8216;Sin noticias de Gurb&#8217;<\/a><\/h3>\n<\/div><\/div>\n\n<div class=\"gb-grid-column gb-grid-column-096e32ee gb-query-loop-item post-234266 post type-post status-publish format-standard has-post-thumbnail hentry category-la-mirada-de-es\"><div class=\"gb-container gb-container-096e32ee\">\n<figure class=\"gb-block-image gb-block-image-1a30e8b5\"><img decoding=\"async\" width=\"800\" height=\"344\" src=\"https:\/\/gremidelmotor.com\/wp-content\/uploads\/2025\/11\/consens.jpg\" class=\"gb-image-1a30e8b5\" alt=\"\" srcset=\"https:\/\/gremidelmotor.com\/wp-content\/uploads\/2025\/11\/consens.jpg 800w, https:\/\/gremidelmotor.com\/wp-content\/uploads\/2025\/11\/consens-300x129.jpg 300w, https:\/\/gremidelmotor.com\/wp-content\/uploads\/2025\/11\/consens-768x330.jpg 768w\" sizes=\"(max-width: 800px) 100vw, 800px\" \/><\/figure>\n\n<div class=\"gb-container gb-container-8632d252\">\n<p class=\"gb-headline gb-headline-afccb9ad gb-headline-text\"><time class=\"entry-date published\" datetime=\"2025-09-15T18:54:00+02:00\">15 de septiembre de 2025<\/time><\/p>\n<\/div>\n\n<div class=\"gb-container gb-container-8dce9705\">\n<p class=\"gb-headline gb-headline-2e5b914e gb-headline-text\">Joan Blancafort<\/p>\n\n<p class=\"gb-headline gb-headline-53ca05f5 gb-headline-text\">Secretario General Gremio del Motor y de Fecavem<\/p>\n<\/div>\n\n<h3 class=\"gb-headline gb-headline-0e9ddd87 gb-headline-text\"><a href=\"https:\/\/fecavem.com\/tot-vegada-tot-arreu\/\" target=\"_blank\" rel=\"noopener\">\u00abHay que encontrar el consenso necesario para sacar adelante los convenios laborales\u00bb<\/a><\/h3>\n<\/div><\/div>\n\n<div class=\"gb-grid-column gb-grid-column-096e32ee gb-query-loop-item post-234265 post type-post status-publish format-standard has-post-thumbnail hentry category-la-mirada-de-es\"><div class=\"gb-container gb-container-096e32ee\">\n<figure class=\"gb-block-image gb-block-image-1a30e8b5\"><img decoding=\"async\" width=\"900\" height=\"500\" src=\"https:\/\/gremidelmotor.com\/wp-content\/uploads\/2025\/11\/1000x550-2-12-900x500-1.jpg\" class=\"gb-image-1a30e8b5\" alt=\"\" srcset=\"https:\/\/gremidelmotor.com\/wp-content\/uploads\/2025\/11\/1000x550-2-12-900x500-1.jpg 900w, https:\/\/gremidelmotor.com\/wp-content\/uploads\/2025\/11\/1000x550-2-12-900x500-1-300x167.jpg 300w, https:\/\/gremidelmotor.com\/wp-content\/uploads\/2025\/11\/1000x550-2-12-900x500-1-768x427.jpg 768w\" sizes=\"(max-width: 900px) 100vw, 900px\" \/><\/figure>\n\n<div class=\"gb-container gb-container-8632d252\">\n<p class=\"gb-headline gb-headline-afccb9ad gb-headline-text\"><time class=\"entry-date published\" datetime=\"2025-08-01T18:53:00+02:00\">1 de agosto de 2025<\/time><\/p>\n<\/div>\n\n<div class=\"gb-container gb-container-8dce9705\">\n<p class=\"gb-headline gb-headline-2e5b914e gb-headline-text\">Joan Blancafort<\/p>\n\n<p class=\"gb-headline gb-headline-53ca05f5 gb-headline-text\">Secretario General Gremio del Motor y de Fecavem<\/p>\n<\/div>\n\n<h3 class=\"gb-headline gb-headline-0e9ddd87 gb-headline-text\"><a href=\"https:\/\/fecavem.com\/tot-vegada-tot-arreu\/\" target=\"_blank\" rel=\"noopener\">\u00abTodo a la vez, en todas partes\u00bb<\/a><\/h3>\n<\/div><\/div>\n\n<div class=\"gb-grid-column gb-grid-column-096e32ee gb-query-loop-item post-234264 post type-post status-publish format-standard has-post-thumbnail hentry category-la-mirada-de-es\"><div class=\"gb-container gb-container-096e32ee\">\n<figure class=\"gb-block-image gb-block-image-1a30e8b5\"><img decoding=\"async\" width=\"750\" height=\"421\" src=\"https:\/\/gremidelmotor.com\/wp-content\/uploads\/2025\/11\/Own-Your-Unique-Voice.jpg\" class=\"gb-image-1a30e8b5\" alt=\"\" srcset=\"https:\/\/gremidelmotor.com\/wp-content\/uploads\/2025\/11\/Own-Your-Unique-Voice.jpg 750w, https:\/\/gremidelmotor.com\/wp-content\/uploads\/2025\/11\/Own-Your-Unique-Voice-300x168.jpg 300w\" sizes=\"(max-width: 750px) 100vw, 750px\" \/><\/figure>\n\n<div class=\"gb-container gb-container-8632d252\">\n<p class=\"gb-headline gb-headline-afccb9ad gb-headline-text\"><time class=\"entry-date published\" datetime=\"2025-06-30T18:51:00+02:00\">30 de junio de 2025<\/time><\/p>\n<\/div>\n\n<div class=\"gb-container gb-container-8dce9705\">\n<p class=\"gb-headline gb-headline-2e5b914e gb-headline-text\">Joan Blancafort<\/p>\n\n<p class=\"gb-headline gb-headline-53ca05f5 gb-headline-text\">Secretario General Gremio del Motor y de Fecavem<\/p>\n<\/div>\n\n<h3 class=\"gb-headline gb-headline-0e9ddd87 gb-headline-text\"><a href=\"https:\/\/fecavem.com\/cal-clam-unic-aquest-8-juliol\/\" target=\"_blank\" rel=\"noopener\">\u00a1Es necesario un clamor \u00fanico este 8 de julio!<\/a><\/h3>\n<\/div><\/div>\n\n<div class=\"gb-grid-column gb-grid-column-096e32ee gb-query-loop-item post-234263 post type-post status-publish format-standard has-post-thumbnail hentry category-la-mirada-de-es\"><div class=\"gb-container gb-container-096e32ee\">\n<figure class=\"gb-block-image gb-block-image-1a30e8b5\"><img decoding=\"async\" width=\"1024\" height=\"768\" src=\"https:\/\/gremidelmotor.com\/wp-content\/uploads\/2025\/11\/WhatsApp-Image-2025-05-13-at-16.15.16-1024x768.jpeg\" class=\"gb-image-1a30e8b5\" alt=\"\" srcset=\"https:\/\/gremidelmotor.com\/wp-content\/uploads\/2025\/11\/WhatsApp-Image-2025-05-13-at-16.15.16-1024x768.jpeg 1024w, https:\/\/gremidelmotor.com\/wp-content\/uploads\/2025\/11\/WhatsApp-Image-2025-05-13-at-16.15.16-300x225.jpeg 300w, https:\/\/gremidelmotor.com\/wp-content\/uploads\/2025\/11\/WhatsApp-Image-2025-05-13-at-16.15.16-768x576.jpeg 768w, https:\/\/gremidelmotor.com\/wp-content\/uploads\/2025\/11\/WhatsApp-Image-2025-05-13-at-16.15.16-1536x1152.jpeg 1536w, https:\/\/gremidelmotor.com\/wp-content\/uploads\/2025\/11\/WhatsApp-Image-2025-05-13-at-16.15.16.jpeg 1600w\" sizes=\"(max-width: 1024px) 100vw, 1024px\" \/><\/figure>\n\n<div class=\"gb-container gb-container-8632d252\">\n<p class=\"gb-headline gb-headline-afccb9ad gb-headline-text\"><time class=\"entry-date published\" datetime=\"2025-06-02T18:49:00+02:00\">2 de junio de 2025<\/time><\/p>\n<\/div>\n\n<div class=\"gb-container gb-container-8dce9705\">\n<p class=\"gb-headline gb-headline-2e5b914e gb-headline-text\">Joan Blancafort<\/p>\n\n<p class=\"gb-headline gb-headline-53ca05f5 gb-headline-text\">Secretario General Gremio del Motor y de Fecavem<\/p>\n<\/div>\n\n<h3 class=\"gb-headline gb-headline-0e9ddd87 gb-headline-text\"><a href=\"https:\/\/fecavem.com\/orgull-salo-orgull-dagremiats\/\" target=\"_blank\" rel=\"noopener\">\u00abEl foco debe centrarse en la electrificaci\u00f3n\u00bb<\/a><\/h3>\n<\/div><\/div>\n\n<div class=\"gb-grid-column gb-grid-column-096e32ee gb-query-loop-item post-234262 post type-post status-publish format-standard has-post-thumbnail hentry category-la-mirada-de-es\"><div class=\"gb-container gb-container-096e32ee\">\n<figure class=\"gb-block-image gb-block-image-1a30e8b5\"><img decoding=\"async\" width=\"765\" height=\"300\" src=\"https:\/\/gremidelmotor.com\/wp-content\/uploads\/2025\/11\/salo-automobile-765x300-1.jpg\" class=\"gb-image-1a30e8b5\" alt=\"\" srcset=\"https:\/\/gremidelmotor.com\/wp-content\/uploads\/2025\/11\/salo-automobile-765x300-1.jpg 765w, https:\/\/gremidelmotor.com\/wp-content\/uploads\/2025\/11\/salo-automobile-765x300-1-300x118.jpg 300w\" sizes=\"(max-width: 765px) 100vw, 765px\" \/><\/figure>\n\n<div class=\"gb-container gb-container-8632d252\">\n<p class=\"gb-headline gb-headline-afccb9ad gb-headline-text\"><time class=\"entry-date published\" datetime=\"2025-04-29T18:47:00+02:00\">29 de abril de 2025<\/time><\/p>\n<\/div>\n\n<div class=\"gb-container gb-container-8dce9705\">\n<p class=\"gb-headline gb-headline-2e5b914e gb-headline-text\">Joan Blancafort<\/p>\n\n<p class=\"gb-headline gb-headline-53ca05f5 gb-headline-text\">Secretario General Gremio del Motor y de Fecavem<\/p>\n<\/div>\n\n<h3 class=\"gb-headline gb-headline-0e9ddd87 gb-headline-text\"><a href=\"https:\/\/fecavem.com\/orgull-salo-orgull-dagremiats\/\" target=\"_blank\" rel=\"noopener\">Orgullo de Sal\u00f3n, orgullo de agremiados!<\/a><\/h3>\n<\/div><\/div>\n\n<div class=\"gb-grid-column gb-grid-column-096e32ee gb-query-loop-item post-234261 post type-post status-publish format-standard has-post-thumbnail hentry category-la-mirada-de-es\"><div class=\"gb-container gb-container-096e32ee\">\n<figure class=\"gb-block-image gb-block-image-1a30e8b5\"><img decoding=\"async\" width=\"765\" height=\"400\" src=\"https:\/\/gremidelmotor.com\/wp-content\/uploads\/2025\/11\/seguretat-viaria-765x400-1.jpeg\" class=\"gb-image-1a30e8b5\" alt=\"\" srcset=\"https:\/\/gremidelmotor.com\/wp-content\/uploads\/2025\/11\/seguretat-viaria-765x400-1.jpeg 765w, https:\/\/gremidelmotor.com\/wp-content\/uploads\/2025\/11\/seguretat-viaria-765x400-1-300x157.jpeg 300w\" sizes=\"(max-width: 765px) 100vw, 765px\" \/><\/figure>\n\n<div class=\"gb-container gb-container-8632d252\">\n<p class=\"gb-headline gb-headline-afccb9ad gb-headline-text\"><time class=\"entry-date published\" datetime=\"2025-03-31T18:45:00+02:00\">31 de marzo de 2025<\/time><\/p>\n<\/div>\n\n<div class=\"gb-container gb-container-8dce9705\">\n<p class=\"gb-headline gb-headline-2e5b914e gb-headline-text\">Joan Blancafort<\/p>\n\n<p class=\"gb-headline gb-headline-53ca05f5 gb-headline-text\">Secretario General Gremio del Motor y de Fecavem<\/p>\n<\/div>\n\n<h3 class=\"gb-headline gb-headline-0e9ddd87 gb-headline-text\"><a href=\"https:\/\/fecavem.com\/joan-blancafort-compartir-avencos-tecnics-seguretat-viaria\/\" target=\"_blank\" rel=\"noopener\">Joan Estar\u00e0s: \u00abHay que compartir avances t\u00e9cnicos en seguridad vial\u00bb<\/a><\/h3>\n<\/div><\/div>\n\n<div class=\"gb-grid-column gb-grid-column-096e32ee gb-query-loop-item post-234260 post type-post status-publish format-standard has-post-thumbnail hentry category-la-mirada-de-es\"><div class=\"gb-container gb-container-096e32ee\">\n<figure class=\"gb-block-image gb-block-image-1a30e8b5\"><img decoding=\"async\" width=\"1024\" height=\"767\" src=\"https:\/\/gremidelmotor.com\/wp-content\/uploads\/2025\/11\/PHOTO-2025-02-10-13-49-42-1024x767.jpg\" class=\"gb-image-1a30e8b5\" alt=\"\" srcset=\"https:\/\/gremidelmotor.com\/wp-content\/uploads\/2025\/11\/PHOTO-2025-02-10-13-49-42-1024x767.jpg 1024w, https:\/\/gremidelmotor.com\/wp-content\/uploads\/2025\/11\/PHOTO-2025-02-10-13-49-42-300x225.jpg 300w, https:\/\/gremidelmotor.com\/wp-content\/uploads\/2025\/11\/PHOTO-2025-02-10-13-49-42-768x576.jpg 768w, https:\/\/gremidelmotor.com\/wp-content\/uploads\/2025\/11\/PHOTO-2025-02-10-13-49-42-1536x1151.jpg 1536w, https:\/\/gremidelmotor.com\/wp-content\/uploads\/2025\/11\/PHOTO-2025-02-10-13-49-42.jpg 1600w\" sizes=\"(max-width: 1024px) 100vw, 1024px\" \/><\/figure>\n\n<div class=\"gb-container gb-container-8632d252\">\n<p class=\"gb-headline gb-headline-afccb9ad gb-headline-text\"><time class=\"entry-date published\" datetime=\"2025-03-02T18:34:00+01:00\">2 de marzo de 2025<\/time><\/p>\n<\/div>\n\n<div class=\"gb-container gb-container-8dce9705\">\n<p class=\"gb-headline gb-headline-2e5b914e gb-headline-text\">Joan Blancafort<\/p>\n\n<p class=\"gb-headline gb-headline-53ca05f5 gb-headline-text\">Secretario General Gremio del Motor y de Fecavem<\/p>\n<\/div>\n\n<h3 class=\"gb-headline gb-headline-0e9ddd87 gb-headline-text\"><a href=\"https:\/\/fecavem.com\/movem-la-vida-moute-per-barcelona\/\" target=\"_blank\" rel=\"noopener\">Movemos la vida con &#8216;Mu\u00e9vete por Barcelona&#8217;<\/a><\/h3>\n<\/div><\/div>\n\n<div class=\"gb-grid-column gb-grid-column-096e32ee gb-query-loop-item post-234259 post type-post status-publish format-standard has-post-thumbnail hentry category-la-mirada-de-es\"><div class=\"gb-container gb-container-096e32ee\">\n<figure class=\"gb-block-image gb-block-image-1a30e8b5\"><img decoding=\"async\" width=\"1024\" height=\"429\" src=\"https:\/\/gremidelmotor.com\/wp-content\/uploads\/2025\/11\/reptes-oporunitats-1024x429.png\" class=\"gb-image-1a30e8b5\" alt=\"\" srcset=\"https:\/\/gremidelmotor.com\/wp-content\/uploads\/2025\/11\/reptes-oporunitats-1024x429.png 1024w, https:\/\/gremidelmotor.com\/wp-content\/uploads\/2025\/11\/reptes-oporunitats-300x126.png 300w, https:\/\/gremidelmotor.com\/wp-content\/uploads\/2025\/11\/reptes-oporunitats-768x322.png 768w, https:\/\/gremidelmotor.com\/wp-content\/uploads\/2025\/11\/reptes-oporunitats.png 1280w\" sizes=\"(max-width: 1024px) 100vw, 1024px\" \/><\/figure>\n\n<div class=\"gb-container gb-container-8632d252\">\n<p class=\"gb-headline gb-headline-afccb9ad gb-headline-text\"><time class=\"entry-date published\" datetime=\"2025-02-02T18:32:00+01:00\">2 de febrero de 2025<\/time><\/p>\n<\/div>\n\n<div class=\"gb-container gb-container-8dce9705\">\n<p class=\"gb-headline gb-headline-2e5b914e gb-headline-text\">Joan Blancafort<\/p>\n\n<p class=\"gb-headline gb-headline-53ca05f5 gb-headline-text\">Secretario General Gremio del Motor y de Fecavem<\/p>\n<\/div>\n\n<h3 class=\"gb-headline gb-headline-0e9ddd87 gb-headline-text\"><a href=\"https:\/\/fecavem.com\/automocio-2025-reptes-oportunitats\/\" target=\"_blank\" rel=\"noopener\">Joan Estar\u00e0s: \u00abLa automoci\u00f3n 2025, retos y oportunidades\u00bb<\/a><\/h3>\n<\/div><\/div>\n\n<div class=\"gb-grid-column gb-grid-column-096e32ee gb-query-loop-item post-234258 post type-post status-publish format-standard has-post-thumbnail hentry category-la-mirada-de-es\"><div class=\"gb-container gb-container-096e32ee\">\n<figure class=\"gb-block-image gb-block-image-1a30e8b5\"><img decoding=\"async\" width=\"1024\" height=\"431\" src=\"https:\/\/gremidelmotor.com\/wp-content\/uploads\/2025\/11\/yego1-1024x431.jpg\" class=\"gb-image-1a30e8b5\" alt=\"\" srcset=\"https:\/\/gremidelmotor.com\/wp-content\/uploads\/2025\/11\/yego1-1024x431.jpg 1024w, https:\/\/gremidelmotor.com\/wp-content\/uploads\/2025\/11\/yego1-300x126.jpg 300w, https:\/\/gremidelmotor.com\/wp-content\/uploads\/2025\/11\/yego1-768x323.jpg 768w, https:\/\/gremidelmotor.com\/wp-content\/uploads\/2025\/11\/yego1.jpg 1280w\" sizes=\"(max-width: 1024px) 100vw, 1024px\" \/><\/figure>\n\n<div class=\"gb-container gb-container-8632d252\">\n<p class=\"gb-headline gb-headline-afccb9ad gb-headline-text\"><time class=\"entry-date published\" datetime=\"2025-01-01T18:23:00+01:00\">1 de enero de 2025<\/time><\/p>\n<\/div>\n\n<div class=\"gb-container gb-container-8dce9705\">\n<p class=\"gb-headline gb-headline-2e5b914e gb-headline-text\">Joan Blancafort<\/p>\n\n<p class=\"gb-headline gb-headline-53ca05f5 gb-headline-text\">Secretario General Gremio del Motor y de Fecavem<\/p>\n<\/div>\n\n<h3 class=\"gb-headline gb-headline-0e9ddd87 gb-headline-text\"><a href=\"https:\/\/fecavem.com\/joan-blancafort-mobilitat-urbana-espera-2025\/\" target=\"_blank\" rel=\"noopener\">Joan Estar\u00e0s: \u00abLa movilidad urbana que nos espera este 2025\u00bb<\/a><\/h3>\n<\/div><\/div>\n\n<div class=\"gb-grid-column gb-grid-column-096e32ee gb-query-loop-item post-233577 post type-post status-publish format-standard has-post-thumbnail hentry category-la-mirada-de-es\"><div class=\"gb-container gb-container-096e32ee\">\n<figure class=\"gb-block-image gb-block-image-1a30e8b5\"><img decoding=\"async\" width=\"765\" height=\"400\" src=\"https:\/\/gremidelmotor.com\/wp-content\/uploads\/2024\/12\/plans-renove-765x400-1.jpg\" class=\"gb-image-1a30e8b5\" alt=\"\" srcset=\"https:\/\/gremidelmotor.com\/wp-content\/uploads\/2024\/12\/plans-renove-765x400-1.jpg 765w, https:\/\/gremidelmotor.com\/wp-content\/uploads\/2024\/12\/plans-renove-765x400-1-300x157.jpg 300w\" sizes=\"(max-width: 765px) 100vw, 765px\" \/><\/figure>\n\n<div class=\"gb-container gb-container-8632d252\">\n<p class=\"gb-headline gb-headline-afccb9ad gb-headline-text\"><time class=\"entry-date published\" datetime=\"2024-12-01T11:08:20+01:00\">1 de diciembre de 2024<\/time><\/p>\n<\/div>\n\n<div class=\"gb-container gb-container-8dce9705\">\n\n\n\n<\/div>\n\n<h3 class=\"gb-headline gb-headline-0e9ddd87 gb-headline-text\">Joan Blancafort: \u201cPlans renove que no arriben, qu\u00e8 hem de fer?\u201d<\/h3>\n<\/div><\/div>\n\n<div class=\"gb-grid-column gb-grid-column-096e32ee gb-query-loop-item post-233605 post type-post status-publish format-standard has-post-thumbnail hentry category-la-mirada-de-es\"><div class=\"gb-container gb-container-096e32ee\">\n<figure class=\"gb-block-image gb-block-image-1a30e8b5\"><img decoding=\"async\" width=\"765\" height=\"400\" src=\"https:\/\/gremidelmotor.com\/wp-content\/uploads\/2024\/12\/nova-mobilitat-765x400-1.jpg\" class=\"gb-image-1a30e8b5\" alt=\"\" srcset=\"https:\/\/gremidelmotor.com\/wp-content\/uploads\/2024\/12\/nova-mobilitat-765x400-1.jpg 765w, https:\/\/gremidelmotor.com\/wp-content\/uploads\/2024\/12\/nova-mobilitat-765x400-1-300x157.jpg 300w\" sizes=\"(max-width: 765px) 100vw, 765px\" \/><\/figure>\n\n<div class=\"gb-container gb-container-8632d252\">\n<p class=\"gb-headline gb-headline-afccb9ad gb-headline-text\"><time class=\"entry-date published\" datetime=\"2024-11-03T11:59:23+01:00\">3 de noviembre de 2024<\/time><\/p>\n<\/div>\n\n<div class=\"gb-container gb-container-8dce9705\">\n\n\n\n<\/div>\n\n<h3 class=\"gb-headline gb-headline-0e9ddd87 gb-headline-text\">Estem digerint un Pla de Qualitat de l\u2019aire aprovat en temps de descompte<\/h3>\n<\/div><\/div>\n\n<div class=\"gb-grid-column gb-grid-column-096e32ee gb-query-loop-item post-232590 post type-post status-publish format-standard has-post-thumbnail hentry category-la-mirada-de-es\"><div class=\"gb-container gb-container-096e32ee\">\n<figure class=\"gb-block-image gb-block-image-1a30e8b5\"><img decoding=\"async\" width=\"1024\" height=\"634\" src=\"https:\/\/gremidelmotor.com\/wp-content\/uploads\/2024\/10\/govern-gencat.jpg\" class=\"gb-image-1a30e8b5\" alt=\"\" srcset=\"https:\/\/gremidelmotor.com\/wp-content\/uploads\/2024\/10\/govern-gencat.jpg 1024w, https:\/\/gremidelmotor.com\/wp-content\/uploads\/2024\/10\/govern-gencat-300x186.jpg 300w, https:\/\/gremidelmotor.com\/wp-content\/uploads\/2024\/10\/govern-gencat-768x476.jpg 768w\" sizes=\"(max-width: 1024px) 100vw, 1024px\" \/><\/figure>\n\n<div class=\"gb-container gb-container-8632d252\">\n<p class=\"gb-headline gb-headline-afccb9ad gb-headline-text\"><time class=\"entry-date published\" datetime=\"2024-10-01T11:14:00+02:00\">1 de octubre de 2024<\/time><\/p>\n<\/div>\n\n<div class=\"gb-container gb-container-8dce9705\">\n\n\n\n<\/div>\n\n<h3 class=\"gb-headline gb-headline-0e9ddd87 gb-headline-text\">Esperamos reunirnos con el nuevo Gobierno dentro de los 100 primeros d\u00edas de mandato.<\/h3>\n<\/div><\/div>\n\n<div class=\"gb-grid-column gb-grid-column-096e32ee gb-query-loop-item post-232585 post type-post status-publish format-standard has-post-thumbnail hentry category-la-mirada-de-es\"><div class=\"gb-container gb-container-096e32ee\">\n<figure class=\"gb-block-image gb-block-image-1a30e8b5\"><img decoding=\"async\" width=\"1024\" height=\"640\" src=\"https:\/\/gremidelmotor.com\/wp-content\/uploads\/2024\/09\/salvador-illa-govern-1280x800-1-1024x640.jpeg\" class=\"gb-image-1a30e8b5\" alt=\"\" srcset=\"https:\/\/gremidelmotor.com\/wp-content\/uploads\/2024\/09\/salvador-illa-govern-1280x800-1-1024x640.jpeg 1024w, https:\/\/gremidelmotor.com\/wp-content\/uploads\/2024\/09\/salvador-illa-govern-1280x800-1-300x188.jpeg 300w, https:\/\/gremidelmotor.com\/wp-content\/uploads\/2024\/09\/salvador-illa-govern-1280x800-1-768x480.jpeg 768w, https:\/\/gremidelmotor.com\/wp-content\/uploads\/2024\/09\/salvador-illa-govern-1280x800-1.jpeg 1280w\" sizes=\"(max-width: 1024px) 100vw, 1024px\" \/><\/figure>\n\n<div class=\"gb-container gb-container-8632d252\">\n<p class=\"gb-headline gb-headline-afccb9ad gb-headline-text\"><time class=\"entry-date published\" datetime=\"2024-09-01T11:12:00+02:00\">1 de septiembre de 2024<\/time><\/p>\n<\/div>\n\n<div class=\"gb-container gb-container-8dce9705\">\n\n\n\n<\/div>\n\n<h3 class=\"gb-headline gb-headline-0e9ddd87 gb-headline-text\">Deberes para el nuevo Gobierno de Salvador Illa<\/h3>\n<\/div><\/div>\n\n<div class=\"gb-grid-column gb-grid-column-096e32ee gb-query-loop-item post-232615 post type-post status-publish format-standard has-post-thumbnail hentry category-la-mirada-de-es\"><div class=\"gb-container gb-container-096e32ee\">\n<figure class=\"gb-block-image gb-block-image-1a30e8b5\"><img decoding=\"async\" width=\"1000\" height=\"392\" src=\"https:\/\/gremidelmotor.com\/wp-content\/uploads\/2024\/10\/Disconnecting.jpg\" class=\"gb-image-1a30e8b5\" alt=\"\" srcset=\"https:\/\/gremidelmotor.com\/wp-content\/uploads\/2024\/10\/Disconnecting.jpg 1000w, https:\/\/gremidelmotor.com\/wp-content\/uploads\/2024\/10\/Disconnecting-300x118.jpg 300w, https:\/\/gremidelmotor.com\/wp-content\/uploads\/2024\/10\/Disconnecting-768x301.jpg 768w\" sizes=\"(max-width: 1000px) 100vw, 1000px\" \/><\/figure>\n\n<div class=\"gb-container gb-container-8632d252\">\n<p class=\"gb-headline gb-headline-afccb9ad gb-headline-text\"><time class=\"entry-date published\" datetime=\"2024-07-31T11:11:00+02:00\">31 de julio de 2024<\/time><\/p>\n<\/div>\n\n<div class=\"gb-container gb-container-8dce9705\">\n\n\n\n<\/div>\n\n<h3 class=\"gb-headline gb-headline-0e9ddd87 gb-headline-text\">Desconectar por vacaciones resulta dif\u00edcil para la automoci\u00f3n catalana<\/h3>\n<\/div><\/div>\n\n<div class=\"gb-grid-column gb-grid-column-096e32ee gb-query-loop-item post-232591 post type-post status-publish format-standard has-post-thumbnail hentry category-la-mirada-de-es\"><div class=\"gb-container gb-container-096e32ee\">\n<figure class=\"gb-block-image gb-block-image-1a30e8b5\"><img decoding=\"async\" width=\"765\" height=\"400\" src=\"https:\/\/gremidelmotor.com\/wp-content\/uploads\/2024\/07\/desguace-765x400-1.png\" class=\"gb-image-1a30e8b5\" alt=\"\" srcset=\"https:\/\/gremidelmotor.com\/wp-content\/uploads\/2024\/07\/desguace-765x400-1.png 765w, https:\/\/gremidelmotor.com\/wp-content\/uploads\/2024\/07\/desguace-765x400-1-300x157.png 300w\" sizes=\"(max-width: 765px) 100vw, 765px\" \/><\/figure>\n\n<div class=\"gb-container gb-container-8632d252\">\n<p class=\"gb-headline gb-headline-afccb9ad gb-headline-text\"><time class=\"entry-date published\" datetime=\"2024-06-28T18:56:01+02:00\">28 de junio de 2024<\/time><\/p>\n<\/div>\n\n<div class=\"gb-container gb-container-8dce9705\">\n\n\n\n<\/div>\n\n<h3 class=\"gb-headline gb-headline-0e9ddd87 gb-headline-text\">La media de antig\u00fcedad del parque m\u00f3vil ya supera, por primera vez, los 14 a\u00f1os<\/h3>\n<\/div><\/div>\n\n<div class=\"gb-grid-column gb-grid-column-096e32ee gb-query-loop-item post-232613 post type-post status-publish format-standard has-post-thumbnail hentry category-la-mirada-de-es\"><div class=\"gb-container gb-container-096e32ee\">\n<figure class=\"gb-block-image gb-block-image-1a30e8b5\"><img decoding=\"async\" width=\"1023\" height=\"705\" src=\"https:\/\/gremidelmotor.com\/wp-content\/uploads\/2024\/07\/kandisnki.jpg\" class=\"gb-image-1a30e8b5\" alt=\"\" srcset=\"https:\/\/gremidelmotor.com\/wp-content\/uploads\/2024\/07\/kandisnki.jpg 1023w, https:\/\/gremidelmotor.com\/wp-content\/uploads\/2024\/07\/kandisnki-300x207.jpg 300w, https:\/\/gremidelmotor.com\/wp-content\/uploads\/2024\/07\/kandisnki-768x529.jpg 768w\" sizes=\"(max-width: 1023px) 100vw, 1023px\" \/><\/figure>\n\n<div class=\"gb-container gb-container-8632d252\">\n<p class=\"gb-headline gb-headline-afccb9ad gb-headline-text\"><time class=\"entry-date published\" datetime=\"2024-05-30T18:53:36+02:00\">30 de mayo de 2024<\/time><\/p>\n<\/div>\n\n<div class=\"gb-container gb-container-8dce9705\">\n\n\n\n<\/div>\n\n<h3 class=\"gb-headline gb-headline-0e9ddd87 gb-headline-text\">En Catalu\u00f1a, el cuadro que nos sale es abstracto<\/h3>\n<\/div><\/div>\n\n<div class=\"gb-grid-column gb-grid-column-096e32ee gb-query-loop-item post-232617 post type-post status-publish format-standard has-post-thumbnail hentry category-la-mirada-de-es\"><div class=\"gb-container gb-container-096e32ee\">\n<figure class=\"gb-block-image gb-block-image-1a30e8b5\"><img decoding=\"async\" width=\"1024\" height=\"768\" src=\"https:\/\/gremidelmotor.com\/wp-content\/uploads\/2024\/07\/inversions-Chery-Ebro-Seat-1024x768.jpg\" class=\"gb-image-1a30e8b5\" alt=\"\" srcset=\"https:\/\/gremidelmotor.com\/wp-content\/uploads\/2024\/07\/inversions-Chery-Ebro-Seat-1024x768.jpg 1024w, https:\/\/gremidelmotor.com\/wp-content\/uploads\/2024\/07\/inversions-Chery-Ebro-Seat-300x225.jpg 300w, https:\/\/gremidelmotor.com\/wp-content\/uploads\/2024\/07\/inversions-Chery-Ebro-Seat-768x576.jpg 768w, https:\/\/gremidelmotor.com\/wp-content\/uploads\/2024\/07\/inversions-Chery-Ebro-Seat-1536x1152.jpg 1536w, https:\/\/gremidelmotor.com\/wp-content\/uploads\/2024\/07\/inversions-Chery-Ebro-Seat.jpg 1600w\" sizes=\"(max-width: 1024px) 100vw, 1024px\" \/><\/figure>\n\n<div class=\"gb-container gb-container-8632d252\">\n<p class=\"gb-headline gb-headline-afccb9ad gb-headline-text\"><time class=\"entry-date published\" datetime=\"2024-04-30T18:51:00+02:00\">30 de abril de 2024<\/time><\/p>\n<\/div>\n\n<div class=\"gb-container gb-container-8dce9705\">\n\n\n\n<\/div>\n\n<h3 class=\"gb-headline gb-headline-0e9ddd87 gb-headline-text\">Las inversiones de Chery-Ebro y Seat aportan empleo y actividad econ\u00f3mica<\/h3>\n<\/div><\/div>\n<\/div>\n\n<div class=\"gb-container gb-container-32e99d84 gb-query-loop-pagination\">\n\n\n<span class=\"gb-button gb-button-3a954bef gb-button-text page-numbers gb-block-is-current\" aria-current=\"page\">1<\/span><a class=\"gb-button gb-button-3a954bef gb-button-text page-numbers\" href=\"?query-aa102af3-page=2\">2<\/a><a class=\"gb-button gb-button-3a954bef gb-button-text page-numbers\" href=\"?query-aa102af3-page=3\">3<\/a>\n\n<a class=\"gb-button gb-button-ed1e8eff gb-button-text\" href=\"\/es\/wp-json\/wp\/v2\/pages\/218026?query-aa102af3-page=2\">&gt;<\/a>\n<\/div>\n\n<\/div>\n<\/div>","protected":false},"excerpt":{"rendered":"<p>Joan Blancafort Secretario General Gremio del Motor y de Fecavem Art\u00edculos de opini\u00f3n<\/p>\n","protected":false},"author":1,"featured_media":0,"parent":218018,"menu_order":4,"comment_status":"closed","ping_status":"closed","template":"","meta":{"_acf_changed":false,"footnotes":""},"class_list":["post-218026","page","type-page","status-publish"],"acf":[],"_links":{"self":[{"href":"https:\/\/gremidelmotor.com\/es\/wp-json\/wp\/v2\/pages\/218026","targetHints":{"allow":["GET"]}}],"collection":[{"href":"https:\/\/gremidelmotor.com\/es\/wp-json\/wp\/v2\/pages"}],"about":[{"href":"https:\/\/gremidelmotor.com\/es\/wp-json\/wp\/v2\/types\/page"}],"author":[{"embeddable":true,"href":"https:\/\/gremidelmotor.com\/es\/wp-json\/wp\/v2\/users\/1"}],"replies":[{"embeddable":true,"href":"https:\/\/gremidelmotor.com\/es\/wp-json\/wp\/v2\/comments?post=218026"}],"version-history":[{"count":0,"href":"https:\/\/gremidelmotor.com\/es\/wp-json\/wp\/v2\/pages\/218026\/revisions"}],"up":[{"embeddable":true,"href":"https:\/\/gremidelmotor.com\/es\/wp-json\/wp\/v2\/pages\/218018"}],"wp:attachment":[{"href":"https:\/\/gremidelmotor.com\/es\/wp-json\/wp\/v2\/media?parent=218026"}],"curies":[{"name":"wp","href":"https:\/\/api.w.org\/{rel}","templated":true}]}}