{"id":218069,"date":"2024-05-06T11:26:23","date_gmt":"2024-05-06T09:26:23","guid":{"rendered":"https:\/\/gremidelmotor.com\/aviso-legal\/"},"modified":"2025-11-13T17:25:36","modified_gmt":"2025-11-13T16:25:36","slug":"aviso-legal","status":"publish","type":"page","link":"https:\/\/gremidelmotor.com\/es\/aviso-legal\/","title":{"rendered":"Aviso Legal"},"content":{"rendered":"<div class=\"gb-container gb-container-352ca37c\">\n\n<p class=\"gb-headline gb-headline-39e2b338 gb-headline-text\"><strong>1.&nbsp;&nbsp;&nbsp;<\/strong><strong><u>CONDICIONES DE USO<\/u><\/strong><\/p>\n\n\n\n<p class=\"gb-headline gb-headline-644d41be gb-headline-text\">En cumplimiento de la Ley 34\/2002, de 11 de julio, de servicios de la sociedad de la informaci\u00f3n y de comercio electr\u00f3nico,&nbsp;<strong>GREMI DEL MOTOR<\/strong> , le informa que es titular de los sitios web:&nbsp;<strong><a href=\"https:\/\/www.gremidelmotor.org\/\" target=\"_blank\" rel=\"noopener\">www.gremidelmotor.org<\/a><\/strong>&nbsp; De acuerdo con la exigencia del art\u00edculo 10 de la citada Ley,&nbsp; <strong>GREMIO DEL MOTOR,<\/strong>&nbsp; notifica los siguientes datos: el titular de esta p\u00e1gina web es&nbsp;<strong>GREMIO DEL MOTOR<\/strong>&nbsp; con CIF:&nbsp;<strong>G08517120<\/strong>&nbsp; y Registro del Departamento de Trabajo de la Generalidad de Catalu\u00f1a. Dep\u00f3sito N\u00famero: &nbsp;&nbsp;<strong>770800342<\/strong>&nbsp; y domicilio social:&nbsp;<strong>CL GRAN DE GR\u00c0CIA, 69, ENTRESUELO.<\/strong>&nbsp;C\u00f3digo Postal:&nbsp;<strong>08012<\/strong> . Localidad: &nbsp;<strong>BARCELONA<\/strong> . Provincia: &nbsp;<strong>BARCELONA<\/strong> . La direcci\u00f3n de correo electr\u00f3nico de contacto con la empresa es: &nbsp;<a href=\"mailto:gvvm@gvvm.es\"><a href=\"mailto:gvvm@gvvm.es\">gremi@gremidelmotor.org<\/a><\/a>&nbsp;<\/p>\n\n\n\n<p class=\"gb-headline gb-headline-bec0ec1b gb-headline-text\"><strong>2.<\/strong>&nbsp;&nbsp;&nbsp; <strong><u>USUARIO<\/u><\/strong>&nbsp; <strong><u>Y R\u00c9GIMEN DE RESPONSABILIDADES<\/u><\/strong><\/p>\n\n\n\n<p class=\"gb-headline gb-headline-53c24701 gb-headline-text\">La navegaci\u00f3n por, acceso a y uso de los sitios web de&nbsp; <strong>GREMIO DEL MOTOR<\/strong>&nbsp; otorga la condici\u00f3n de usuario, por la que se aceptan, al navegar por la p\u00e1gina de&nbsp; <strong>GREMIO DEL MOTOR<\/strong> , todas las condiciones de uso que aqu\u00ed se establecen sin perjudicar la aplicaci\u00f3n de la correspondiente normativa de obligado cumplimiento legal seg\u00fan el caso.<\/p>\n\n\n\n<p class=\"gb-headline gb-headline-6a6d2597 gb-headline-text\"><br>La p\u00e1gina web de&nbsp;<strong>GREMIO DEL MOTOR<\/strong>&nbsp; proporcionan gran diversidad de informaci\u00f3n, servicios y datos. El usuario asume su responsabilidad en el correcto uso de los sitios web. Esta responsabilidad se extender\u00e1 a: La veracidad y licitud de las informaciones aportadas por el usuario a los formularios emitidos por&nbsp; <strong>GREMIO DEL MOTOR<\/strong>&nbsp; para acceder a determinados contenidos o servicios ofrecidos por la web.  <\/p>\n\n\n\n<p class=\"gb-headline gb-headline-b38598e1 gb-headline-text\"><br>El uso de la informaci\u00f3n, servicios y datos ofrecidos por&nbsp; <strong>GREMIO DEL MOTOR<\/strong>&nbsp; contra las disposiciones de estas condiciones, la Ley, la moral, las buenas costumbres o el orden p\u00fablico o que, en otro caso, puedan suponer lesi\u00f3n de los derechos de terceros o del funcionamiento de los sitios web.<\/p>\n\n\n\n<p class=\"gb-headline gb-headline-697b80ee gb-headline-text\">A tal efecto, el Usuario se abstendr\u00e1 de utilizar cualquiera de los contenidos con fines o efectos il\u00edcitos, prohibidos en este texto, lesivos de los derechos e intereses de terceros, o que de cualquier forma puedan da\u00f1ar, inutilizar, sobrecargar, deteriorar o impedir la normal utilizaci\u00f3n de los contenidos, otros Usuarios o de cualquier usuario de Internet (hardware y software).<\/p>\n\n\n\n<p class=\"gb-headline gb-headline-cce9e6b5 gb-headline-text\">Los usuarios responder\u00e1n de los da\u00f1os y perjuicios de toda naturaleza que la empresa propietaria de la web pueda sufrir, directa o indirectamente, como consecuencia de incumplimiento de cualquiera de las obligaciones derivadas del uso de la Web y de esta pol\u00edtica de privacidad.<\/p>\n\n\n\n<p class=\"gb-headline gb-headline-3f87295e gb-headline-text\">En particular, ya t\u00edtulo meramente indicativo y no exhaustivo, el Usuario se compromete a no transmitir, difundir o poner a disposici\u00f3n de terceros informaciones, datos, contenidos, mensajes, gr\u00e1ficos, dibujos, archivos de sonido y\/o imagen, fotograf\u00edas de la web .<\/p>\n\n\n\n<p class=\"gb-headline gb-headline-e5c87c22 gb-headline-text\"><strong>3.&nbsp;&nbsp;&nbsp;<\/strong><strong><u>POL\u00cdTICA DE ENLACES Y EXENCIONES DE RESPONSABILIDAD<\/u><\/strong><\/p>\n\n\n\n<p class=\"gb-headline gb-headline-96bba2ea gb-headline-text\"><strong>GREMIO DEL MOTOR<\/strong>&nbsp; no se hace responsable del contenido de las p\u00e1ginas web a las que pueda acceder el usuario a trav\u00e9s de los enlaces establecidos en sus sitios web y declara que en ning\u00fan caso examinar\u00e1 ni ejercitar\u00e1 ning\u00fan tipo de control sobre el contenido de otras p\u00e1ginas de la red .<\/p>\n\n\n\n<p class=\"gb-headline gb-headline-1e06ce85 gb-headline-text\"><br>Asimismo, tampoco garantiza la disponibilidad t\u00e9cnica, exactitud, veracidad, validez o legalidad de p\u00e1ginas ajenas a su propiedad a las que se pueda acceder a trav\u00e9s de los enlaces.<\/p>\n\n\n\n<p class=\"gb-headline gb-headline-a04f3709 gb-headline-text\"><br><strong>GREMIO DEL MOTOR<\/strong>&nbsp; declara que ha adoptado todas las medidas necesarias para evitar cualquier da\u00f1o que pudiera derivarse de la navegaci\u00f3n por sus p\u00e1ginas web. En consecuencia,&nbsp; <strong>GREMIO DEL MOTOR<\/strong>&nbsp; no se hace responsable, en ning\u00fan caso, de los eventuales da\u00f1os que pueda sufrir el usuario a causa de la navegaci\u00f3n por Internet. <\/p>\n\n\n\n<p class=\"gb-headline gb-headline-0e3aa42a gb-headline-text\"><strong>GREMIO DEL MOTOR<\/strong>&nbsp; no se responsabiliza de los da\u00f1os o perjuicios de cualquier tipo producidos en el Usuario que lleven causa de errores o desconexiones a las redes de telecomunicaciones que produzcan la suspensi\u00f3n, cancelaci\u00f3n o interrupci\u00f3n del servicio de la web durante la prestaci\u00f3n del mismo o con car\u00e1cter previo.<\/p>\n\n\n\n<p class=\"gb-headline gb-headline-7b3af37a gb-headline-text\">El acceso a la web:&nbsp;<strong><a href=\"https:\/\/www.gremidelmotor.org\/\" target=\"_blank\" rel=\"noopener\">www.gremidelmotor.org<\/a><\/strong>&nbsp; no implica la obligaci\u00f3n por parte de la empresa de controlar la ausencia de virus o cualquier otro elemento inform\u00e1tico da\u00f1ino. Corresponde al Usuario, en cualquier caso, la disponibilidad de herramientas adecuadas para la detecci\u00f3n y desinfecci\u00f3n de programas inform\u00e1ticos nocivos. <\/p>\n\n\n\n<p class=\"gb-headline gb-headline-51c6031e gb-headline-text\"><strong>GREMIO DEL MOTOR<\/strong>&nbsp; no se responsabiliza de los da\u00f1os producidos en los equipos inform\u00e1ticos, documentos y\/o ficheros de los Usuarios o de terceros durante la prestaci\u00f3n del servicio en el Portal.<\/p>\n\n\n\n<p class=\"gb-headline gb-headline-c1599fe6 gb-headline-text\"><strong>4.&nbsp;&nbsp;&nbsp;<\/strong><strong><u>PUBLICIDAD<\/u><\/strong><\/p>\n\n\n\n<p class=\"gb-headline gb-headline-c98ecb92 gb-headline-text\">La Web:&nbsp;<strong><a href=\"https:\/\/www.gremidelmotor.org\/\" target=\"_blank\" rel=\"noopener\">www.gremidelmotor.org<\/a><\/strong>&nbsp; podr\u00e1 alojar contenidos publicitarios o patrocinados. Los anunciantes o patrocinadores son los \u00fanicos responsables de asegurar que el material remitido para su inclusi\u00f3n en la Web cumple con las leyes que en cada caso puedan ser de aplicaci\u00f3n. <\/p>\n\n\n\n<p class=\"gb-headline gb-headline-3f085ce7 gb-headline-text\"><strong>GREMIO DEL MOTOR<\/strong>&nbsp; no ser\u00e1 responsable de cualquier error, inexactitud o irregularidad que puedan contener los contenidos publicitarios o patrocinadores.<\/p>\n\n\n\n<p class=\"gb-headline gb-headline-c586e991 gb-headline-text\"><strong>5.&nbsp;&nbsp;&nbsp;<\/strong><strong><u>MODIFICACIONES<\/u><\/strong><\/p>\n\n\n\n<p class=\"gb-headline gb-headline-a17e7c92 gb-headline-text\"><strong>GREMIO DEL MOTOR<\/strong>&nbsp; se reserva el derecho a realizar las modificaciones que considere oportunas, sin previo aviso, al contenido de sus sitios web, tanto en lo que se refiere a los contenidos de los sitios web como por sus condiciones de uso o por las condiciones generales de contrataci\u00f3n. Estas modificaciones podr\u00e1n realizarse, a trav\u00e9s de sus sitios web, de cualquier forma admisible en derecho y ser\u00e1n de obligado cumplimiento durante el tiempo que est\u00e9n publicadas en la web y hasta que no sean modificadas por otras posteriores. <\/p>\n\n\n\n<p class=\"gb-headline gb-headline-f571404b gb-headline-text\"><strong>6.&nbsp;&nbsp;&nbsp;<\/strong><strong><u>RESERVA DE COOKIES<\/u><\/strong><\/p>\n\n\n\n<p class=\"gb-headline gb-headline-9da808b3 gb-headline-text\"><strong>GREMI DEL MOTOR<\/strong>&nbsp; se reserva el derecho de utilizar cookies en la navegaci\u00f3n del usuario por sus sitios web para facilitar la personalizaci\u00f3n y comodidad de la navegaci\u00f3n. Siguiendo la pol\u00edtica de protecci\u00f3n de datos de la empresa, &nbsp;<strong>GREMI DEL MOTOR<\/strong>&nbsp;&nbsp;informa que las cookies se asocian al usuario an\u00f3nimo y su ordenador y no proporcionan por s\u00ed mismas ni el nombre ni los apellidos del usuario.<\/p>\n\n\n\n<p class=\"gb-headline gb-headline-bb3147d4 gb-headline-text\"><br>El usuario tiene la posibilidad de configurar su navegador de forma que sea informado de la recepci\u00f3n de cookies, con la posibilidad, si as\u00ed lo desea, de impedir que se instalen en su disco duro. Sin embargo, para acceder a los sitios web de &nbsp;<strong>GREMIO DEL MOTOR<\/strong>&nbsp; no es preceptiva la instalaci\u00f3n de cookies.<\/p>\n\n\n\n<p class=\"gb-headline gb-headline-cb8e1e74 gb-headline-text\">El usuario se compromete a abstenerse de reproducir, copiar, distribuir, poner a disposici\u00f3n o de cualquier otra forma de comunicar p\u00fablicamente, transformar o modificar los Contenidos, salvo que se cuente con la autorizaci\u00f3n del titular de los correspondientes derechos o ello resulte legalmente permitido.<\/p>\n\n\n\n<p class=\"gb-headline gb-headline-7eba6f2c gb-headline-text\"><strong>7.&nbsp;&nbsp;&nbsp;<\/strong><strong><u>PROTECCI\u00d3N DE DATOS PERSONAL<\/u><\/strong><\/p>\n\n\n\n<p class=\"gb-headline gb-headline-856c3cda gb-headline-text\">De conformidad con lo que establece la Ley Org\u00e1nica 15\/1999 de Protecci\u00f3n de Datos de Car\u00e1cter Personal,&nbsp;<strong>GREMIO DEL MOTOR<\/strong>&nbsp; informa a los usuarios de sus websites que los datos personales recabados por la empresa mediante los formularios situados en sus p\u00e1ginas, ser\u00e1n introducidos en un fichero automatizado bajo la responsabilidad de&nbsp;<strong>GREMI DEL MOTOR<\/strong> , con el fin de poder facilitar, agilizar y cumplir los compromisos establecidos entre ambas partes. Asimismo, &nbsp;<strong>GREMI DEL MOTOR<\/strong> , informa de la posibilidad de ejercer los derechos de acceso, cancelaci\u00f3n, rectificaci\u00f3n y oposici\u00f3n mediante escrito a la direcci\u00f3n;&nbsp;<strong>CL GRAN DE GR\u00c0CIA, 69, ENTRESUELO.<\/strong>&nbsp; C\u00f3digo Postal:&nbsp;<strong>08012<\/strong> . Localidad: &nbsp;<strong>BARCELONA<\/strong> . Provincia: &nbsp;<strong>BARCELONA<\/strong> , aportando fotocopia del DNI o documentaci\u00f3n alternativa que acredite su identidad.<\/p>\n\n\n\n<p class=\"gb-headline gb-headline-07b6c7c8 gb-headline-text\"><br>Mientras no nos comunique lo contrario, entenderemos que sus datos no han sido modificados, que usted se compromete a notificarnos cualquier variaci\u00f3n y que tenemos el consentimiento para utilizarlos para poder fidelizar la relaci\u00f3n entre las partes.<\/p>\n\n\n\n<p class=\"gb-headline gb-headline-8f1fa87e gb-headline-text\"><br>De acuerdo con lo que establece la Ley 34\/2002, de Servicios de la Sociedad de la Informaci\u00f3n y el Comercio Electr\u00f3nico en su art\u00edculo 21, pedimos su consentimiento para poder realizar comunicaciones publicitarias que consideremos puedan ser de su inter\u00e9s, correo electr\u00f3nico o por cualquier otro medio de comunicaci\u00f3n electr\u00f3nica equivalente.<\/p>\n\n\n\n<p class=\"gb-headline gb-headline-2964d9e1 gb-headline-text\"><strong>8.&nbsp;&nbsp;&nbsp;<\/strong><strong><u>PROPIEDAD INTELECTUAL<\/u><\/strong><\/p>\n\n\n\n<p class=\"gb-headline gb-headline-48d8206e gb-headline-text\">Los derechos de propiedad intelectual e industrial derivados de todos los textos, im\u00e1genes, as\u00ed como de los medios y formas de presentaci\u00f3n y montaje de sus p\u00e1ginas pertenecen, por s\u00ed mismos o como cesionaria, a&nbsp; <strong>GREMIO DEL MOTOR<\/strong>&nbsp; Ser\u00e1n, por tanto, obras protegidas con propiedad intelectual por el ordenamiento jur\u00eddico espa\u00f1ol y se les podr\u00e1 aplicar tanto la normativa espa\u00f1ola y comunitaria en este campo, como los tratados internacionales relativos a la materia y suscritos por Espa\u00f1a.<\/p>\n\n\n\n<p class=\"gb-headline gb-headline-45e36f44 gb-headline-text\"><br>Todos los derechos reservados. En cumplimiento de la Ley de la Propiedad Intelectual se proh\u00edbe expresamente la reproducci\u00f3n, distribuci\u00f3n, comunicaci\u00f3n p\u00fablica y utilizaci\u00f3n de la totalidad o parte de los contenidos de sus p\u00e1ginas web sin el consentimiento expl\u00edcito de &nbsp;<strong>GREMI DEL MOTOR<\/strong><\/p>\n\n\n\n<p class=\"gb-headline gb-headline-f1e28e67 gb-headline-text\">Asimismo,&nbsp; <strong>GREMIO DEL MOTOR<\/strong>&nbsp; se reserva la facultad de presentar las acciones civiles o penales que considere oportunas por la utilizaci\u00f3n indebida de sus p\u00e1ginas web y contenidos o por el incumplimiento de estas condiciones.<\/p>\n\n\n\n<p class=\"gb-headline gb-headline-037d488f gb-headline-text\"><strong>9.&nbsp;&nbsp;&nbsp;&nbsp;&nbsp;&nbsp;&nbsp;<u>ACCIONES LEGAL, LEGISLACI\u00d3N APLICABLE Y JURISDICCI\u00d3N<\/u><\/strong><\/p>\n\n\n\n<p class=\"gb-headline gb-headline-be321b78 gb-headline-text\">La relaci\u00f3n entre el usuario y&nbsp; <strong>GREMIO DEL MOTOR<\/strong>&nbsp; se regir\u00e1 por la normativa espa\u00f1ola vigente y ser\u00e1n competentes, para decidir sobre cualquier controversia que pueda surgir entre el usuario y&nbsp; <strong>GREMIO DEL MOTOR<\/strong> , los juzgados o tribunales de la localidad de&nbsp; <strong>Barcelona<\/strong> .<\/p>\n\n<\/div>\n\n\n<p><strong><u>10.- Informaci\u00f3n legal. Venta de entradas. Cancelaci\u00f3n por parte del cliente:<\/u><\/strong><\/p>\n\n\n\n<p>Una vez confirmada la compra, no se admiten cancelaciones ni cambios de fecha, salvo en los casos previstos por la ley. Las entradas son v\u00e1lidas \u00fanicamente para el evento, fechas y horario indicados en la confirmaci\u00f3n de compra.<\/p>\n\n\n\n<p><strong>Cancelaci\u00f3n por parte del organizador:<\/strong><br>En caso de cancelaci\u00f3n del evento por parte del organizador, el cliente tendr\u00e1 derecho al reembolso \u00edntegro del importe pagado por la entrada, utilizando el mismo m\u00e9todo de pago empleado en la compra. No se reembolsar\u00e1n gastos adicionales (como transporte o alojamiento).<\/p>\n\n\n\n<p><strong><u>11. Informaci\u00f3n legal. Venta de entradas. Cl\u00e1usula de Reembolso<\/u><\/strong><\/p>\n\n\n\n<p><strong>Reembolso por modificaci\u00f3n o cancelaci\u00f3n del evento:<\/strong><br>Si el evento se cancela definitivamente, se reembolsar\u00e1 el importe total de la entrada en un plazo m\u00e1ximo de 14 d\u00edas desde la comunicaci\u00f3n oficial de la cancelaci\u00f3n.<br>En caso de cambio de fecha o lugar, el cliente podr\u00e1 optar por aceptar la nueva fecha o solicitar el reembolso.<br>No se realizar\u00e1n reembolsos por no asistencia del cliente al evento, salvo que la causa est\u00e9 amparada por normativa aplicable.<\/p>\n","protected":false},"excerpt":{"rendered":"<p>1.&nbsp;&nbsp;&nbsp;CONDICIONES DE USO En cumplimiento de la Ley 34\/2002, de 11 de julio, de servicios de la sociedad de la &#8230; <a title=\"Aviso Legal\" class=\"read-more\" href=\"https:\/\/gremidelmotor.com\/es\/aviso-legal\/\" aria-label=\"Leer m\u00e1s sobre Aviso Legal\">Read more<\/a><\/p>\n","protected":false},"author":1,"featured_media":0,"parent":0,"menu_order":0,"comment_status":"closed","ping_status":"closed","template":"","meta":{"_acf_changed":false,"footnotes":""},"class_list":["post-218069","page","type-page","status-publish"],"acf":[],"_links":{"self":[{"href":"https:\/\/gremidelmotor.com\/es\/wp-json\/wp\/v2\/pages\/218069","targetHints":{"allow":["GET"]}}],"collection":[{"href":"https:\/\/gremidelmotor.com\/es\/wp-json\/wp\/v2\/pages"}],"about":[{"href":"https:\/\/gremidelmotor.com\/es\/wp-json\/wp\/v2\/types\/page"}],"author":[{"embeddable":true,"href":"https:\/\/gremidelmotor.com\/es\/wp-json\/wp\/v2\/users\/1"}],"replies":[{"embeddable":true,"href":"https:\/\/gremidelmotor.com\/es\/wp-json\/wp\/v2\/comments?post=218069"}],"version-history":[{"count":1,"href":"https:\/\/gremidelmotor.com\/es\/wp-json\/wp\/v2\/pages\/218069\/revisions"}],"predecessor-version":[{"id":234139,"href":"https:\/\/gremidelmotor.com\/es\/wp-json\/wp\/v2\/pages\/218069\/revisions\/234139"}],"wp:attachment":[{"href":"https:\/\/gremidelmotor.com\/es\/wp-json\/wp\/v2\/media?parent=218069"}],"curies":[{"name":"wp","href":"https:\/\/api.w.org\/{rel}","templated":true}]}}